{"id":783,"date":"2022-01-14T09:47:03","date_gmt":"2022-01-14T08:47:03","guid":{"rendered":"http:\/\/mspu66-avicenne.fr\/?page_id=783"},"modified":"2025-06-26T10:22:04","modified_gmt":"2025-06-26T08:22:04","slug":"nos-engagements","status":"publish","type":"page","link":"https:\/\/mspu66-avicenne.fr\/?page_id=783","title":{"rendered":"Nos engagements"},"content":{"rendered":"\n<p><strong>La prise en charge des patients autour de 3 axes principaux :<\/strong><\/p>\n\n\n\n<ul><li>vous offrir un acc\u00e8s aux soins sur une grande amplitude horaire,<\/li><li>vous permettre d\u2019\u00eatre re\u00e7u en cas de n\u00e9cessit\u00e9 dans la journ\u00e9e sur un cr\u00e9neau de soins non-programm\u00e9s ,<\/li><li>vous accueillir et vous accompagner dans une prise en charge pluriprofessionnelle.<\/li><\/ul>\n\n\n\n<div class=\"wp-block-columns\">\n<div class=\"wp-block-column\">\n<div class=\"wp-block-buttons\">\n<div class=\"wp-block-button\"><a class=\"wp-block-button__link has-background\" style=\"background-color:#272460\">R\u00e9unions de concertation pluriprofessionnelles<\/a><\/div>\n<\/div>\n\n\n\n<p>Les professionnels de la MSPU Avicenne se r\u00e9unissent et se coordonnent pour am\u00e9liorer leurs pratiques et les prises en charges m\u00e9dicales et param\u00e9dicales des patients.<\/p>\n\n\n\n<p>Des \u00e9changes, une concertation, la confrontation d\u2019id\u00e9es ou de pratiques entre des professionnels, des sp\u00e9cialit\u00e9s diff\u00e9rentes, permet d\u2019ouvrir des perspectives et de trouver des pistes d\u2019optimisation pour la prise en charge des patients.<\/p>\n<\/div>\n\n\n\n<div class=\"wp-block-column\">\n<div class=\"wp-block-buttons\">\n<div class=\"wp-block-button\"><a class=\"wp-block-button__link has-background\" style=\"background-color:#272460\">Missions de sant\u00e9 publique<\/a><\/div>\n<\/div>\n\n\n\n<p>Les professionnels de la MSPU Avicenne s\u2019inscrivent dans un cadre de missions de sant\u00e9 publique, visant \u00e0 am\u00e9liorer des prises en charge des patients en collaboration.<\/p>\n\n\n\n<p>La MSPU Avicenne est actuellement impliqu\u00e9e dans les missions de pr\u00e9vention suivantes :<\/p>\n\n\n\n<ul><li>Couverture vaccinale H\u00e9patite B<\/li><li>Centre de proximit\u00e9 Vaccination COVID-19<\/li><li>P\u00f4le Promotion ETP (Education Th\u00e9rapeutique du Patient)<\/li><\/ul>\n<\/div>\n\n\n\n<div class=\"wp-block-column\">\n<div class=\"wp-block-buttons\">\n<div class=\"wp-block-button\"><a class=\"wp-block-button__link has-background\" style=\"background-color:#272460\">Formation futurs professionnels<\/a><\/div>\n<\/div>\n\n\n\n<p>Les professionnels de sant\u00e9 de la MSPU Avicenne ont acquis des connaissances sp\u00e9cifiques et des comp\u00e9tences n\u00e9cessaires, correspondant \u00e0 la couverture des besoins en formation des \u00e9tudiants se destinant aux soins premiers. La MSPU Avicenne s\u2019engage \u00e0 accueillir r\u00e9guli\u00e8rement des \u00e9tudiants :<\/p>\n\n\n\n<ul><li>Accueil d\u2019au moins un \u00e9tudiant de Deuxi\u00e8me Cycle en M\u00e9decine, de fa\u00e7on r\u00e9guli\u00e8re.<\/li><li>Accueil d\u2019au moins deux \u00e9tudiants de Troisi\u00e8me Cycle en stage de M\u00e9decine G\u00e9n\u00e9rale de fa\u00e7on r\u00e9guli\u00e8re.<\/li><li>Accueil d\u2019autres professionnels en formation (par exemple \u00e9tudiants en pharmacie, \u00e9tudiants en soins infirmiers et soins infirmiers en pratique avanc\u00e9e, \u00e9tudiants secr\u00e9taire m\u00e9dicale \u2026).<\/li><\/ul>\n\n\n\n<p>Dr OUDE ENGBERINK Agn\u00e8s,  Dr CARBONNEL Fran\u00e7ois et Dr SAGUY Hermine encadrent aussi les travaux de recherche de th\u00e8ses.<\/p>\n<\/div>\n<\/div>\n\n\n\n<div class=\"wp-block-buttons\"><\/div>\n\n\n\n<div class=\"wp-block-columns\">\n<div class=\"wp-block-column\">\n<div class=\"wp-block-buttons\">\n<div class=\"wp-block-button\"><a class=\"wp-block-button__link has-background\" style=\"background-color:#272460\">Formations<\/a><\/div>\n<\/div>\n\n\n\n<p>La MSPU Avicenne organise r\u00e9guli\u00e8rement des r\u00e9unions d\u2019information et des formations sur des th\u00e9matiques d\u00e9finies, ouvertes \u00e0 des professionnels du secteur.<\/p>\n<\/div>\n\n\n\n<div class=\"wp-block-column\">\n<div class=\"wp-block-buttons\">\n<div class=\"wp-block-button\"><a class=\"wp-block-button__link has-background\" style=\"background-color:#272460\">Recherche<\/a><\/div>\n<\/div>\n\n\n\n<p>La MSPU Avicenne participe \u00e0 des projets de recherche en m\u00e9decine g\u00e9n\u00e9rale, au travers des th\u00e8ses et au travers des Appels \u00e0 projets Recherche.<\/p>\n<\/div>\n\n\n\n<div class=\"wp-block-column\">\n<div class=\"wp-block-buttons\">\n<div class=\"wp-block-button\"><a class=\"wp-block-button__link has-background\" href=\"http:\/\/mspu66-avicenne.fr\/?page_id=1171\" style=\"background-color:#272460\" target=\"_blank\" rel=\"noreferrer noopener\">Coordination<\/a><\/div>\n<\/div>\n\n\n\n<p>Le coordinateur de la MSPU Avicenne a pour objectif de faire travailler les diff\u00e9rents professionnels de sant\u00e9 ENSEMBLE, autour du patient afin d&rsquo;optimis\u00e9e la prise en charge des patients.<\/p>\n\n\n\n<p><\/p>\n<\/div>\n<\/div>\n\n\n\n<div class=\"wp-block-image\"><figure class=\"aligncenter size-full\"><img loading=\"lazy\" width=\"696\" height=\"655\" src=\"https:\/\/mspu66-avicenne.fr\/wp-content\/uploads\/2025\/06\/Nos-engagements-visual-selection-1.png\" alt=\"\" class=\"wp-image-1649\" srcset=\"https:\/\/mspu66-avicenne.fr\/wp-content\/uploads\/2025\/06\/Nos-engagements-visual-selection-1.png 696w, https:\/\/mspu66-avicenne.fr\/wp-content\/uploads\/2025\/06\/Nos-engagements-visual-selection-1-300x282.png 300w\" sizes=\"(max-width: 696px) 100vw, 696px\" \/><\/figure><\/div>\n","protected":false},"excerpt":{"rendered":"<p>La prise en charge des patients autour de 3 axes principaux : vous offrir un acc\u00e8s aux soins sur une grande amplitude horaire, vous permettre&hellip;<\/p>\n","protected":false},"author":1,"featured_media":0,"parent":0,"menu_order":0,"comment_status":"closed","ping_status":"closed","template":"","meta":[],"_links":{"self":[{"href":"https:\/\/mspu66-avicenne.fr\/index.php?rest_route=\/wp\/v2\/pages\/783"}],"collection":[{"href":"https:\/\/mspu66-avicenne.fr\/index.php?rest_route=\/wp\/v2\/pages"}],"about":[{"href":"https:\/\/mspu66-avicenne.fr\/index.php?rest_route=\/wp\/v2\/types\/page"}],"author":[{"embeddable":true,"href":"https:\/\/mspu66-avicenne.fr\/index.php?rest_route=\/wp\/v2\/users\/1"}],"replies":[{"embeddable":true,"href":"https:\/\/mspu66-avicenne.fr\/index.php?rest_route=%2Fwp%2Fv2%2Fcomments&post=783"}],"version-history":[{"count":13,"href":"https:\/\/mspu66-avicenne.fr\/index.php?rest_route=\/wp\/v2\/pages\/783\/revisions"}],"predecessor-version":[{"id":1652,"href":"https:\/\/mspu66-avicenne.fr\/index.php?rest_route=\/wp\/v2\/pages\/783\/revisions\/1652"}],"wp:attachment":[{"href":"https:\/\/mspu66-avicenne.fr\/index.php?rest_route=%2Fwp%2Fv2%2Fmedia&parent=783"}],"curies":[{"name":"wp","href":"https:\/\/api.w.org\/{rel}","templated":true}]}}